{"id":14,"date":"2015-11-22T16:01:45","date_gmt":"2015-11-22T15:01:45","guid":{"rendered":"http:\/\/www.wissenskulturen.de\/wp_wissenskulturen\/?page_id=14"},"modified":"2025-08-22T15:05:36","modified_gmt":"2025-08-22T13:05:36","slug":"publikationen","status":"publish","type":"page","link":"https:\/\/www.wissenskulturen.de\/wp_wissenskulturen\/index.php\/publikationen\/","title":{"rendered":"Publikationen"},"content":{"rendered":"<h4>Publikationen und Vortr\u00e4ge des Vereins \u00bbWissenskulturen e.V.\u00ab<\/h4>\n<p style=\"margin-top: 25px;\">\n<\/p><p>Kaut, Thomas: Wahrheit \u2014 Ver\u00adste\u00adhen \u2014 Treue. \u00dcber\u00adlegun\u00adgen zu einem Ethos des \u00dcber\u00adset\u00adzens, in: E. Wern\u00ader (hg.), Bibel\u00fcber\u00adset\u00adzung als Wis\u00adsenschaft. Aktuelle Fragestel\u00adlun\u00adgen und Per\u00adspek\u00adtiv\u00aden. Beitr\u00e4ge zum Forum Bibel\u00fcber\u00adset\u00adzung aus den Jahren 2005\u20132011, Deutsche Bibelge\u00adsellschaft: Stuttgart 2012, S.225\u2013251.<\/p>\n<p>Kaut, Thomas: Der schwarze Schwan. Pen Ver\u00adlag: 2008,&nbsp;Bonn<\/p>\n<p><a href=\"https:\/\/www.degruyter.com\/viewbooktoc\/product\/397458\"> Lenz, Anne <span class=\"amp\">&amp;<\/span> Pae\u00adtau, Lau\u00adra: Noth\u00adin\u2019 but a B\u2011Thang? Von Gangs\u00adta-Rap\u00adpern, Orthop\u00e4\u00adden und anderen Pro\u00advoka\u00adteuren. In: Diet\u00adrich, M.; Seel\u00adiger, M. (Hg.): Deutsch\u00ader Gangs\u00adta-Rap. Sozial- und kul\u00adtur\u00adwis\u00adsenschaftliche Beitr\u00e4ge zu einem Pop-Ph\u00e4nomen. Biele\u00adfeld 2012, Tran\u00adscript Ver\u00adlag, pp. 109 \u2014&nbsp;164&nbsp;<\/a><\/p>\n<p><a href=\"https:\/\/zwanzigtausendfrauen.at\/wp-content\/uploads\/2011\/09\/MAERZ_2011_KERN_PRINT.pdf\"> Lenz, Anne <span class=\"amp\">&amp;<\/span> Pae\u00adtau, Lau\u00adra: Machen Feminist_innen Fem\u00adi\u00adnis\u00admus? \u201can.schl\u00e4ge Das fem\u00adi\u00adnis\u00adtis\u00adche Mag\u00ada\u00adzin. M\u00e4rz 2011,&nbsp;Wien&nbsp;<\/a><\/p>\n<p>Lenz, Anne <span class=\"amp\">&amp;<\/span> Pae\u00adtau, Lau\u00adra: Fem\u00adi\u00adnis\u00admen und Neue Poli\u00adtis\u00adche Gen\u00ader\u00ada\u00adtion. M\u00fcn\u00adster 2009, West\u00adf\u00e4lis\u00adches Dampfboot<\/p>\n<p>Pae\u00adtau, Lau\u00adra <span class=\"amp\">&amp;<\/span> Thors\u00adson, Steen: Ale\u00adma\u00adnia: ser\u00advi\u00adcios sociales vs. inter\u00adven\u00adcion polit\u00adi\u00adca. Un ejem\u00adp\u00adlo del colec\u00adti\u00advo Vil\u00adla 32 en Berlin-Wed\u00adding. In: Guti\u00e9r\u00adrez, Resa, A.; Mar\u00adcuel\u00adlo Serv\u00f2s, C. (Hg.): Ser\u00advi\u00adcios Sociales: Mod\u00ade\u00adlos y Per\u00adspec\u00adti\u00advas. Madrid 2008, Edi\u00adciones Academicas&nbsp;<\/p>\n<p><a href=\"https:\/\/doi.org\/10.1515\/sosys-2022-0005\"> Pae\u00adtau, M.: Sys\u00adteme der Gewalt \u2014 Para\u00admil\u00adi\u00adtaris\u00admus in Kolumbi\u00aden. Soziale Sys\u00adteme, vol. 27, no. 1\u20132, 2022, pp. 85\u2013109 <\/a><\/p>\n<p><a href=\"https:\/\/sociocybernetics.org\/conference2022\"> Pae\u00adtau, M.: Post\u00adcon\u00adflict Tran\u00adsi\u00adtion and His\u00adtoric Mem\u00ado\u00adry. 17th Inter\u00adna\u00adtion\u00adal Con\u00adfer\u00adence of Socio\u00adcy\u00adber\u00adnet\u00adics. \u00bbReflec\u00adtion on Glob\u00adal Chal\u00adlenges and Local Answers to Sus\u00adtain\u00adabil\u00adi\u00adty\u00ab. Zaragoza, Spain, June 20\u201322, 2022&nbsp;<\/a><\/p>\n<p><a href=\"https:\/\/www.friedenskooperative.de\/friedensforum\/artikel\/proteste-in-kolumbien\"> Pae\u00adtau, M.: Kolumbi\u00aden kommt nicht zur Ruhe. Proteste in Kolumbi\u00aden. Friedens\u00adfo\u00adrum, (5) 2021, pp. 12\u201314 <\/a><\/p>\n<p><a href=\"https:\/\/sociocybernetics.wordpress.com\/conferences\/15th-international-conference-of-sociocybernetics\/\"> Pae\u00adtau, M.: Human being: Sys\u00adtem or not a sys\u00adtem, that is the ques\u00adtion. 15th Inter\u00adna\u00adtion\u00adal Con\u00adfer\u00adence of Socio\u00adcy\u00adber\u00adnet\u00adics. \u201c<span class=\"caps\">DARK<\/span> <span class=\"caps\">AGES<\/span> 2.0\u201d: <span class=\"caps\">SOCIAL<\/span> <span class=\"caps\">MEDIA<\/span> <span class=\"caps\">AND<\/span> <span class=\"caps\">THEIR<\/span> <span class=\"caps\">IMPACT<\/span>. Uni\u00adver\u00adsi\u00adty of Urbino, Urbino Italy, June 25\u201329, 2019&nbsp;<\/a><\/p>\n<p><a href=\"https:\/\/journals.sagepub.com\/eprint\/R66xE75JGEKs94Fw7MIs\/full\">Pae\u00adtau, M: The Colom\u00adbian peace process and the com\u00adplex\u00adi\u00adty of vio\u00adlence: A socio\u00adcy\u00adber\u00adnet\u00adic obser\u00adva\u00adtion. Cur\u00adrent Soci\u00adol\u00ado\u00adgy, 2019, Vol. 67(4) 611\u00ad\u2013624 <\/a><\/p>\n<p><a href=\"https:\/\/isaconf.confex.com\/isaconf\/wc2018\/webprogram\/Paper95097.html\"> Paetau.M.: Sta\u00adbi\u00adliz\u00ading Nor\u00adma\u00adtive Con\u00adtra\u00addic\u00adtions: A Socio\u00adcy\u00adber\u00adnet\u00adic View on Pow\u00ader. <span class=\"caps\">XIX<\/span> World Con\u00adgress of Soci\u00adol\u00ado\u00adgy. Toron\u00adto, Cana\u00adda, July 15\u201321, 2018&nbsp;<\/a><\/p>\n<p><a href=\"https:\/\/sociocybernetics.org\/conference\/conference2017\">Pae\u00adtau, M: Post-Con\u00adflict in Colom\u00adbia \u2014 A Socio\u00adcy\u00adber\u00adnet\u00adic Obser\u00adva\u00adtion on Com\u00adplex\u00adi\u00adty of the World Longest War. 14th Inter\u00adna\u00adtion\u00adal Con\u00adfer\u00adence of Socio\u00adcy\u00adber\u00adnet\u00adics. Medellin, Colom\u00adbia, June 20\u201323, 2017<\/a><\/p>\n<p><a href=\"https:\/\/www.wissenskulturen.de\/wp_wissenskulturen\/wp-content\/uploads\/2019\/07\/paetau_bitcoin.pdf\">Pae\u00adtau, Michael: Bit\u00adcoin und die Pro\u00advoka\u00adtion der \u201cBlockchain-Econ\u00ado\u00admy\u201d. Forum Wis\u00adsenschaft, 34. Jg., Nr. 1 (Feb\u00adru\u00adar 2017), hrsgg. v. Bund demokratis\u00adch\u00ader Wis\u00adsenschaft\u00adlerin\u00adnen und Wis\u00adsenschaftler e.V. (BdWi)<\/a><\/p>\n<p><a href=\"https:\/\/www.wissenskulturen.de\/wp_wissenskulturen\/wp-content\/uploads\/2019\/07\/paetau_vienna-slides.pdf\">Pae\u00adtau, Michael: Mon\u00adey As a Medi\u00adum\/\u00adForm-Dis\u00adtinc\u00adtion: The Chal\u00adlenge of Blockchain-Econ\u00ado\u00admy to Luh\u00adman\u00adn\u2019s Con\u00adcept of Mon\u00adey As a Sym\u00adbol\u00adi\u00adcal\u00adly Gen\u00ader\u00adal\u00adized Com\u00admu\u00adni\u00adca\u00adtion Medi\u00adum. 3rd ISA-Forum of Soci\u00adol\u00ado\u00adgy, Vien\u00adna, Aus\u00adtria, July 10\u201314, 2016&nbsp;<\/a><\/p>\n<p><a href=\"https:\/\/www.wissenskulturen.de\/wp_wissenskulturen\/wp-content\/uploads\/2019\/07\/paetau_zaragoza-slides.pdf\">Pae\u00adtau, Michael: Bit\u00adcoin: The Emer\u00adgence of Self-Orga\u00adnized Cryp\u00adtocur\u00adren\u00adcy. 13th Inter\u00adna\u00adtion\u00adal Con\u00adfer\u00adence of Socio\u00adcy\u00adber\u00adnet\u00adics. Zaragoza, Spain, June 29 \u2013 July 3,&nbsp;2015<\/a><\/p>\n<p><a href=\"https:\/\/isaconf.confex.com\/isaconf\/wc2014\/webprogram\/Paper48146.html\">Pae\u00adtau, Michael: Social Media, Open Gov\u00adern\u00adment and Liq\u00aduid Democ\u00adra\u00adcy. <span class=\"caps\">XVIII<\/span> <span class=\"caps\">ISA<\/span> World Con\u00adgress of Soci\u00adol\u00ado\u00adgy, Yoko\u00adhama, Japan, 13\u201319 July&nbsp;2014<\/a><\/p>\n<p><a href=\"https:\/\/papiro.unizar.es\/ojs\/index.php\/rc51-jos\/article\/view\/790\">Pae\u00adtau, Michael: Niklas Luh\u00admann and Cyber\u00adnet\u00adics. Jour\u00adnal of Socio\u00adcy\u00adber\u00adnet\u00adics, Vol 11 (2013), S. 75\u2013103 <\/a><\/p>\n<p><a href=\"http:\/\/www.wissenskulturen.de\/wp_wissenskulturen\/wp-content\/uploads\/2015\/11\/merida_conference_2013.pdf\">Pae\u00adtau, Michael: Sys\u00adtems The\u00ado\u00adry and Social Net\u00adworks \u2014 an unre\u00adsolv\u00adable Con\u00adtra\u00addic\u00adtori\u00adness?. 12th Inter\u00adna\u00adtion\u00adal Con\u00adfer\u00adence of Socio\u00adcy\u00adber\u00adnet\u00adics \u201cThe Socio\u00adcy\u00adber\u00adnet\u00adics of Social Sys\u00adtems and Social Net\u00adworks\u201d, M\u00e9ri\u00adda, Yucatan, M\u00e9x\u00adi\u00adco, 24\u201328 June&nbsp;2013&nbsp;<\/a><\/p>\n<p><a href=\"http:\/\/www.wissenskulturen.de\/wp_wissenskulturen\/wp-content\/uploads\/2015\/11\/piratenzauber_paetau1.pdf\">Pae\u00adtau, Michael: Frei\u00adheit und Wis\u00adsensor\u00add\u00adnung. In: Kahrs, H. (Hg.): Piraten\u00adza\u00aduber. \u00dcber eine Gesellschaft, die Freibeuter her\u00advor\u00adbringt. K\u00f6ln 2013: Papy\u00adRossa, S. 113\u2013130 <\/a><\/p>\n<p><a href=\"http:\/\/www.wissenskulturen.de\/wp_wissenskulturen\/wp-content\/uploads\/2015\/11\/piratenzauber_paetau2.pdf\">Pae\u00adtau, Michael: Kyber\u00adnetik und fl\u00fcs\u00adsige Demokratie. In: Kahrs, H. (Hg.): Piraten\u00adza\u00aduber. \u00dcber eine Gesellschaft, die Freibeuter her\u00advor\u00adbringt. K\u00f6ln 2013: Papy\u00adRossa, S. 173\u2013187 <\/a><\/p>\n<p><a href=\"http:\/\/www.wissenskulturen.de\/wp_wissenskulturen\/wp-content\/uploads\/2015\/11\/paetau_argument-295.pdf\">Pae\u00adtau, Michael: Pirat\u00aden am Kreuzweg der Wis\u00adsensor\u00add\u00adnung. Das Argu\u00adment 295, 2011, S. 902 \u2014&nbsp;911&nbsp;<\/a><\/p>\n<p><a href=\"http:\/\/www.blaetter.de\/archiv\/jahrgaenge\/2011\/oktober\/parlament-geentert-piraten-an-bord\">Pae\u00adtau, Michael: Par\u00adla\u00adment geen\u00adtert, Pirat\u00aden an Bord. Bl\u00e4t\u00adter f\u00fcr deutsche und inter\u00adna\u00adtionale Poli\u00adtik 10\/2011, S. 11\u201314 <\/a><\/p>\n<p><a href=\"http:\/\/www.wissenskulturen.de\/wp_wissenskulturen\/wp-content\/uploads\/2015\/11\/paetau_bdwi_2010.pdf\">Pae\u00adtau, Michael: Die Piraten\u00adpartei. Vision ein\u00ader freien Wis\u00adsensor\u00add\u00adnung. In: Forum Wis\u00adsenschaft. 27. Jg. (2010), S. 51 \u2014&nbsp;54&nbsp;<\/a><\/p>\n<p>Pae\u00adtau, Michael: Eman\u00adci\u00adpa\u00adtion, Post-Colo\u00adnial\u00adism and Sec\u00adond Order Cyber\u00adnet\u00adics. <span class=\"caps\">XVII<\/span> ISA-World Con\u00adgress of Soci\u00adol\u00ado\u00adgy, G\u00f6te\u00adborg, Schwe\u00adden, 11.\u201317. Juli 2010 (Research Com\u00admi\u00adtee 51 on Sociocybernetics)<\/p>\n<p>Pae\u00adtau, Michael: The Web of Knowl\u00adedge \u2014 The Web of Pow\u00ader? 9th Inter\u00adna\u00adtion\u00adal Con\u00adfer\u00adence of Socio\u00adcy\u00adber\u00adnet\u00adics \u201cModer\u00adni\u00adty 2.0: Emerg\u00ading Social Media Tech\u00adnolo\u00adgies and their Impact\u201d, Urbino, Italy, 29 June \u2014 5 July&nbsp;2009<\/p>\n<p>Pae\u00adtau, Michael: Tran\u00adsi\u00adtion of Knowl\u00adedge For\u00adma\u00adtion: Com\u00adplex\u00adi\u00adty, Dif\u00adfer\u00adence and Eman\u00adci\u00adpa\u00adtion. 8th Inter\u00adna\u00adtion\u00adal Con\u00adfer\u00adence of Socio\u00adcy\u00adber\u00adnet\u00adics \u201cCom\u00adplex Social Sys\u00adtems, Inter\u00addis\u00adci\u00adpli\u00adnar\u00adi\u00adty and World Futures\u201d, Ciu\u00addad de M\u00e9x\u00adi\u00adco, M\u00e9x\u00adi\u00adco, 23\u201327 June&nbsp;2008<\/p>\n<p><a href=\"https:\/\/publikationen.bibliothek.kit.edu\/1000101234\"> Bran\u00addl, V.; Grun\u00adwald, A.; J\u00f6ris\u00adsen, J.; Kopfm\u00fcller, J.; Pae\u00adtau, M.: Das inte\u00adgra\u00adtive Konzept nach\u00adhaltiger Entwick\u00adlung. In: Coenen, R.; Grun\u00adwald, A. (Ed.): Nach\u00adhaltigkeit\u00adsprob\u00adleme in Deutsch\u00adland. Analyse und L\u00f6sungsstrate\u00adgien. (Glob\u00adal zukun\u00adfts\u00adf\u00e4hige Entwick\u00adlung \u2014 Per\u00adspek\u00adtiv\u00aden f\u00fcr Deutsch\u00adland, Bd. 5). Edi\u00adtion Sig\u00adma: Berlin 2003. S. 55\u201382 <\/a><\/p>\n<p><a href=\"https:\/\/www.itas.kit.edu\/pub\/m\/2001\/koua01b_inhalt.htm\"> Kopfm\u00fcller, J.; Bran\u00addl, V.; J\u00f6ris\u00adsen, J.; Pae\u00adtau, M.; Banse, G.; Coenen, R.; Grun\u00adwald, A.: Nach\u00adhaltige Entwick\u00adlung inte\u00adgra\u00adtiv betra\u00adchtet. Kon\u00adsti\u00adtu\u00adtive Ele\u00admente, Regeln, Indika\u00adtoren. (Glob\u00adal zukun\u00adfts\u00adf\u00e4hige Entwick\u00adlung \u2013 Per\u00adspek\u00adtiv\u00aden f\u00fcr Deutsch\u00adland, Bd. 1)  Edi\u00adtion Sig\u00adma: Berlin 2001&nbsp;.<\/a><\/p>\n<p><a href=\"https:\/\/publikationen.bibliothek.kit.edu\/1000102539\"> J\u00f6ris\u00adsen, J.; Kopfm\u00fcller; J. Bran\u00addl, V.; Pae\u00adtau, M.:  Ein inte\u00adgra\u00adtives Konzept nach\u00adhaltiger Entwick\u00adlung. Forschungszen\u00adtrum Karl\u00adsruhe: Karl\u00adsruhe&nbsp;1999&nbsp;<\/a><\/p>\n<p><a href=\"http:\/\/www.wissenskulturen.de\/wp_wissenskulturen\/wp-content\/uploads\/2015\/11\/paetau_sopo_45.pdf\">Pae\u00adtau, Michael: Das Marxsche Quan\u00adtit\u00e4ts\u00adge\u00adsetz und die neuere Infla\u00adtions\u00addiskus\u00adsion. Sozial\u00adis\u00adtis\u00adche Poli\u00adtik (<span class=\"caps\">SOPO<\/span>), Jg. 10 (1978, Heft 3), S. 54\u201364<\/a><\/p>\n<p>&nbsp;<\/p>\n<h3>Sonstige ausgew\u00e4hlte Literatur<\/h3>\n<p>Acuer\u00addo Final. Gob\u00adier\u00adno de Colom\u00adbia \u2014 <span class=\"caps\">FARC-EP<\/span> para la ter\u00admi\u00adnaci\u00f3n del con\u00adflic\u00adto y la con\u00adstruc\u00adci\u00f3n de una paz estable y duradera (Noviem\u00adbre 21 de 2016). Edi\u00adciones Des\u00adde Aba\u00adjo,&nbsp;2017<\/p>\n<p>Arendt, Han\u00adnah: On Vio\u00adlence. New York, N.Y: Har\u00adcourt, Brace <span class=\"amp\">&amp;<\/span> World, 1070<\/p>\n<p>Ass\u00admann, Alei\u00adda <span class=\"amp\">&amp;<\/span> Ass\u00admann, Jan: Das Gestern im Heute: Medi\u00aden und soziales Ged\u00e4cht\u00adnis. Merten, Klaus; Schmidt, Siegfried J. <span class=\"amp\">&amp;<\/span> Weis\u00adchen\u00adberg\u00ader, Siegfried (Ed.): Die Wirk\u00adlichkeit der Medi\u00aden. Eine Ein\u00adf\u00fchrung in die Kom\u00admu\u00adnika\u00adtion\u00adswis\u00adsenschaft. Opladen. West\u00addeutsch\u00ader Ver\u00adlag, 1994, pp. 114\u2013140<\/p>\n<p>Ass\u00admann, Jan: Das kul\u00adturelle Ged\u00e4cht\u00adnis. Schrift, Erin\u00adnerung und poli\u00adtis\u00adche Iden\u00adtit\u00e4t in fr\u00fchen Hochkul\u00adturen. M\u00fcnchen. Beck,&nbsp;1992,<\/p>\n<p>Ass\u00admann, Jan: Reli\u00adgion und kul\u00adturelles Ged\u00e4cht\u00adnis. M\u00fcnchen. Beck,&nbsp;2000,<\/p>\n<p>Bacon, Fran\u00adcis: Novum Organon \u2014 Neues Organon. Ham\u00adburg. Mein\u00ader,&nbsp;1990,<\/p>\n<p>Ben\u00adford, Gre\u00adgo\u00adry: Deep Time: How Human\u00adi\u00adty Com\u00admu\u00adni\u00adcates Across Mil\u00adlen\u00adnia. New York. Avon Books, 1999, pp.&nbsp;225<\/p>\n<p>Ben\u00adjamin, Wal\u00adter: Das Kunst\u00adwerk im Zeital\u00adter sein\u00ader tech\u00adnis\u00adchen Repro\u00adduzier\u00adbarkeit. Drei Stu\u00addi\u00aden zur Kun\u00adst\u00adsozi\u00adolo\u00adgie. Frank\u00adfurt am Main 1972: Suhrkamp, S. 9\u201344<\/p>\n<p>Ben\u00adjamin, Wal\u00adter: Der Begriff der Kun\u00adstkri\u00adtik in der deutschen Roman\u00adtik. Frank\u00adfurt am Main 1973: Suhrkamp<\/p>\n<p>Ben\u00adjamin, Wal\u00adter: Zur Kri\u00adtik der Gewalt und andere Auf\u00ads\u00e4tze. Mit einem Nach\u00adwort von Her\u00adbert Mar\u00adcuse. Frank\u00adfurt am Main 1965: Suhrkamp<\/p>\n<p>B\u00f6deck\u00ader, Sebas\u00adt\u00adian; Mold\u00aden\u00adhauer, Oliv\u00ader <span class=\"amp\">&amp;<\/span> Rubbel, Benedikt: Wis\u00adsensall\u00admende. Gegen die Pri\u00advatisierung des Wis\u00adsens der Welt durch \u201cgeistige Eigen\u00adtum\u00adsrechte\u201d. Ham\u00adburg. <span class=\"caps\">VSA<\/span>,&nbsp;2005,<\/p>\n<p>Bret\u00adthauer, Lars: Geistiges Eigen\u00adtum im dig\u00adi\u00adtal\u00aden Zeital\u00adter. Staatliche Reg\u00adulierung und allt\u00e4gliche K\u00e4mpfe in der Spielfil\u00admin\u00addus\u00adtrie. M\u00fcn\u00adster. West\u00adf\u00e4lis\u00adches Dampf\u00adboot,&nbsp;2009,<\/p>\n<p>Buck\u00adley, Wal\u00adter: Soci\u00adol\u00ado\u00adgy and Mod\u00adern Sys\u00adtem The\u00ado\u00adrie. New Jer\u00adsey (<span class=\"caps\">UK<\/span>). Pren\u00adtice Hall Inc.,&nbsp;1967<\/p>\n<p>Burke, Peter: Venedig und Ams\u00adter\u00addam im 17. Jahrhun\u00addert. G\u00f6t\u00adtin\u00adgen. Stei\u00addl,&nbsp;1993,<\/p>\n<p>Burke, Peter: Papi\u00ader und Mark\u00adt\u00adgeschrei. Die Geburt der Wis\u00adsens\u00adge\u00adsellschaft. Berlin. Wagen\u00adbach,&nbsp;2001<\/p>\n<p>Burke, Peter: W\u00f6rter machen Leute. Gesellschaft und Sprachen im Europa der fr\u00fchen Neuzeit. Berlin. Wagen\u00adbach,&nbsp;2006,<\/p>\n<p>Bush\u00adnell, David: Colom\u00adbia, una naci\u00f3n a pesar de s\u00ed mis\u00adma. De los tiem\u00adpos pre\u00adcolom\u00adbianos a nue\u00adstros dias. Plan\u00ade\u00adta, Bogot\u00e1, 1996<\/p>\n<p>But\u00adler, Judith: Das Unbe\u00adha\u00adgen der Geschlechter. Gen\u00adder Stud\u00adies. Frank\u00adfurt am Main. Suhrkamp, 1991,<\/p>\n<p>But\u00adler, Judith: Die Macht der Geschlechter\u00adnor\u00admen. Frank\u00adfurt am Main. Suhrkamp, 2009,<\/p>\n<p>But\u00adler, Judith; Laclau, Ernesto; \u017di\u017eek, Slavoj: Con\u00adtin\u00adgency, Hege\u00admo\u00adny, Uni\u00adver\u00adsal\u00adi\u00adty. Con\u00adtem\u00adpo\u00adrary Dia\u00adlogues on the Left. Lon\u00addon. Ver\u00adso,&nbsp;2000,<\/p>\n<p>Cas\u00adtel, Robert: Die Meta\u00admor\u00adpho\u00adsen der sozialen Frage. Eine Chronik der Lohnar\u00adbeit.. Kon\u00adstanz. <span class=\"caps\">UVK<\/span>,&nbsp;2008,<\/p>\n<p>Craig, Edward: Was wir wis\u00adsen k\u00f6n\u00adnen. Prag\u00adma\u00adtis\u00adche Unter\u00adsuchun\u00adgen zum Wis\u00adsens\u00adbe\u00adgriff. Frank\u00adfurt am Main. Suhrkamp, 1993<\/p>\n<p>Demirovic, Alex (Ed.): Kom\u00adplex\u00adit\u00e4t und Emanzi\u00adpa\u00adtion. Kri\u00adtis\u00adche gesellschaft\u00ads\u00adthe\u00ado\u00adrie und die Her\u00adaus\u00adforderung der Sys\u00adtemthe\u00ado\u00adrie Niklas Luh\u00admanns. M\u00fcn\u00adster. West\u00adf\u00e4lis\u00adches Dampf\u00adboot,&nbsp;2001<\/p>\n<p>Elias, Nor\u00adbert: \u00dcber die Zeit. Arbeit\u00aden zur Wis\u00adsenssozi\u00adolo\u00adgie <span class=\"caps\">II<\/span>. Frank\u00adfurt am Main 1984: Suhrkamp<\/p>\n<p>Espos\u00adi\u00adto, Ele\u00adna: Soziales Vergessen. For\u00admen und Medi\u00aden des Ged\u00e4cht\u00adniss\u00ades der Gesellschaft. Frank\u00adfurt am Main. Suhrkamp, 2002<\/p>\n<p>Etzioni, Ami\u00adtai: The Active Soci\u00adety, Col\u00adlier Macmil\u00adlan, New York&nbsp;1968<\/p>\n<p>Fou\u00adcault, Michel: Die Ord\u00adnung des Diskurs\u00ades. Frank\u00adfurt am Main. Fis\u00adch\u00ader, 1991, pp.&nbsp;93<\/p>\n<p>Fou\u00adcault, Michel: Arch\u00e4olo\u00adgie des Wis\u00adsens. Frank\u00adfurt am Main. Suhrkamp, 1981, pp.&nbsp;301<\/p>\n<p>Fou\u00adcault, Michel: Geschichte der Gou\u00adverne\u00admen\u00adtal\u00adit\u00e4t I: Sicher\u00adheit, Ter\u00adri\u00adto\u00adri\u00adum, Bev\u00f6lkerung. Vor\u00adlesun\u00adgen am Col\u00adl\u00e8ge de France (1977\u20131978). Frank\u00adfurt am Main. Suhrkamp, 2004,<\/p>\n<p>Fou\u00adcault, Michel: Geschichte der Gou\u00adverne\u00admen\u00adtal\u00adit\u00e4t <span class=\"caps\">II<\/span>: Die Geburt der Biopoli\u00adtik. Vor\u00adlesun\u00adgen am Col\u00adl\u00e8ge de France (1978\u20131979). Frank\u00adfurt am Main. Suhrkamp, 2004,<\/p>\n<p>Fried, Johannes; S\u00fc\u00df\u00admann, Johannes (Ed.): Rev\u00ado\u00adlu\u00adtio\u00adnen des Wis\u00adsens. Von der Steinzeit bis zur Mod\u00aderne. M\u00fcnchen. Beck,&nbsp;2001,<\/p>\n<p>Fried, Johannes; Kail\u00ader, Thomas (Ed.): Wis\u00adsenskul\u00adturen. Beitr\u00e4ge zu einem forschungsstrate\u00adgis\u00adchen Konzept. Berlin. Akademie Ver\u00adlag,&nbsp;2003<\/p>\n<p>Gar\u00adc\u00eda, Rolan\u00addo: El Conocimien\u00adto en Con\u00adstruc\u00adci\u00f3n. De las For\u00admu\u00adla\u00adciones de Jean Piaget a la ter\u00eda de sis\u00adtemas com\u00adple\u00adjos. Edi\u00adtio\u00adr\u00adi\u00adal Gedisa, 2000<\/p>\n<p>Glasers\u00adfeld, Ernst von: Radikaler Kon\u00adstruk\u00adtivis\u00admus, Ideen, Ergeb\u00adnisse, Prob\u00adleme, 2. Aufl., (Orig.: Rad\u00adi\u00adcal Con\u00adstruc\u00adtivism), Wis\u00adsenschaft, Bd. 1326, Suhrkamp Ver\u00adlag, Frankfurt\/Main 1998 [1\/1997]<\/p>\n<p>G\u00f3mez Jim\u00e9nez, Alcides: Ra\u00edces de una naci\u00f3n mar\u00adca\u00adda por la desigual\u00addad. 12 ensayos hist\u00f3ri\u00adco-econ\u00f3mi\u00adcos sig\u00adlos <span class=\"caps\">XVI<\/span> a <span class=\"caps\">XXI<\/span>. Bogot\u00e1 2021: Acad\u00ade\u00adm\u00eda Colom\u00adbiana de Cien\u00adcias Econ\u00f3micas<\/p>\n<p>Gonz\u00e1lez Gonz\u00e1lez, Fer\u00ad\u00e1n E.: Poder y Vio\u00adlen\u00adcia en Colom\u00adbia. Ode\u00adco-Cinep, Bogot\u00e1, 2014<\/p>\n<p>Gon\u00adza\u00adles, Jorge A.; Amozur\u00adru\u00adtia, Jos\u00e9 A.; Maass, Mar\u00adgari\u00adta: Cibercultur@ e ini\u00adciaci\u00f3n en la inves\u00adti\u00adgaci\u00f3n. M\u00e9x\u00adi\u00adco:&nbsp;2007<\/p>\n<p>Grass\u00admuck, Volk\u00ader: Freie Soft\u00adware. Zwis\u00adchen Pri\u00advat und Gemeineigen\u00adtum. Bonn. Bun\u00addeszen\u00adtrale f\u00fcr poli\u00adtis\u00adche Bil\u00addung,&nbsp;2002,<\/p>\n<p>Gro\u00dfk\u00adlaus, G\u00f6tz: Medi\u00aden-Zeit, Medi\u00aden-Raum. Zum Wan\u00addel der raumzeitlichen Wahrnehmung in der Moderne.Frankfurt am Main 1995: Suhrkamp<\/p>\n<p>Grupo de Memo\u00adria Hist\u00f3ri\u00adca (<span class=\"caps\">GMH<\/span>): \u00a1Bas\u00adta ya! Colom\u00adbia: Memo\u00adrias de guer\u00adra y dig\u00adnidad. Imprenta Nacional, Bogot\u00e1, 2013<\/p>\n<p>Guz\u00adman, Ger\u00adman; Fals Bor\u00adda, Orlan\u00addo; Uma\u00f1a Luna, Eduar\u00addo: La Vio\u00adlen\u00adcia en Colom\u00adbia. Estu\u00addio de un Pro\u00adce\u00adso Social. Edi\u00adciones ter\u00adcer Mun\u00addo, Bogot\u00e1, 1962<\/p>\n<p>Halb\u00adwachs, Mau\u00adrice: La M\u00e9moire col\u00adlec\u00adtive. Press\u00ades Uni\u00adver\u00adsi\u00adtaires de France, Paris, 1925<\/p>\n<p>Hall, Stu\u00adart: Ras\u00adsis\u00admus und kul\u00adturelle Iden\u00adtit\u00e4t. Aus\u00adgew\u00e4hlte Schriften 2. Ham\u00adburg. Argu\u00adment Ver\u00adlag,&nbsp;1994,<\/p>\n<p>Harich, Wolf\u00adgang: Kom\u00admu\u00adnis\u00admus ohne Wach\u00ads\u00adtum? Babeuf und der \u00bbClub of Rome\u00ab. Rein\u00adbek bei Ham\u00adburg 1975: Rowohlt<\/p>\n<p>Hon\u00adneth, Axel: Kri\u00adtik der Macht. Refelex\u00adion\u00adsstufen ein\u00ader kri\u00adtis\u00adchen Gesellschaft\u00ads\u00adthe\u00ado\u00adrie. Frank\u00adfurt am Main. Suhrkamp, 1985<\/p>\n<p>Horkheimer, Max: Mon\u00adtaigne und die Funk\u00adtion der Skep\u00adsis (1938). Gesam\u00admelte Schriften, Band 4 (Schriften 1936 \u2014 1941). Frank\u00adfurt. Fis\u00adch\u00ader,&nbsp;1991<\/p>\n<p>Ifrah, Georges: Uni\u00adver\u00adsalgeschichte der Zahlen. Frank\u00adfurt am Main. Cam\u00adpus,&nbsp;1993,<\/p>\n<p>Innis, Harold A.: The Bias of Com\u00admu\u00adni\u00adca\u00adtion. Toron\u00adto. Uni\u00adver\u00adsi\u00adty of Toron\u00adto Press Inc.,&nbsp;1951<\/p>\n<p>Jahraus, Oliv\u00ader <span class=\"amp\">&amp;<\/span> Ort, Nina (Ed.): Beobach\u00adtun\u00adgen des Unbeobacht\u00adbaren. Konzepte radikaler The\u00ado\u00adriebil\u00addung in den Geis\u00adteswis\u00adsenschaften. Weil\u00ader\u00adswist. Vel\u00adbr\u00fcck, 2000<\/p>\n<p>Jaramil\u00adlo Mar\u00edn, Jef\u00adfer\u00adson: Pasa\u00addos y Pre\u00adsentes de la Vio\u00adlen\u00adcia en Colom\u00adbia. Estu\u00addios sobre las Comi\u00adsiones de Inves\u00adti\u00adgaci\u00f3n (1958 \u2014 2011). Edi\u00adto\u00adr\u00adi\u00adal Pon\u00adti\u00adf\u00adi\u00adcia Uni\u00adver\u00adsi\u00addad Jave\u00adri\u00adana, Bogot\u00e1, 2014<\/p>\n<p>Kast\u00adner, Jens: Dekolo\u00adnial\u00adis\u00adtis\u00adche The\u00ado\u00adrie aus Lateinameri\u00adka. Ein\u00adf\u00fchrung und Kri\u00adtik. M\u00fcn\u00adster 2022: Unrast Verlag<\/p>\n<p>Klaus, Georg: Kyber\u00adnetik und Gesellschaft. Berlin: Deutsch\u00ader Ver\u00adlag der Wis\u00adsenschaften, 1965<\/p>\n<p>Klaus, Georg: Die Macht des Wortes. Ein erken\u00adnt\u00adnis\u00adthe\u00ado\u00adretisch-prag\u00adma\u00adtis\u00adches Trak\u00adtat. 6. Aufl., Berlin: VEB-Deutsch\u00ader Ver\u00adlag der Wis\u00adsenschaften, 1972<\/p>\n<p>Kosellek, Rein\u00adhart: Ver\u00adgan\u00adgene Zukun\u00adft. Zur Seman\u00adtik geschichtlich\u00ader Zeit\u00aden. Frank\u00adfurt am Main 1989: Suhrkamp<\/p>\n<p>Knorr-Ceti\u00adna, Karin: Wis\u00adsenskul\u00adturen. Ein Ver\u00adgle\u00adich natur\u00adwis\u00adsenschaftlich\u00ader Wis\u00adsens\u00adfor\u00admen. Frank\u00adfurt am Main. Suhrkamp, 2002<\/p>\n<p>Laclau, Ernesto <span class=\"amp\">&amp;<\/span> Mouffe, Chan\u00adtal: Hege\u00admo\u00adny and Social\u00adist Strat\u00ade\u00adgy. Towards a Rad\u00adi\u00adcal Demo\u00adc\u00adra\u00adt\u00adic Pol\u00adi\u00adtics. Lon\u00addon. Ver\u00adso,&nbsp;2001<\/p>\n<p>Laclau, Ernesto: Emancipation(s). Lon\u00addon. Ver\u00adso,&nbsp;1996<\/p>\n<p>Laufen\u00adberg, Mike <span class=\"amp\">&amp;<\/span> Trott, Ben (Hg.): Queer Stud\u00adies. Schl\u00fcs\u00adsel\u00adtexte. Berlin 2023: Suhrkamp<\/p>\n<p>Lessig, Lawrence: Freie Kul\u00adtur. Wesen und Zukun\u00adft der Kreativ\u00adit\u00e4t. M\u00fcnchen. Open Source Press, 2006<\/p>\n<p>Luh\u00admann, Niklas: \u00d6kol\u00ado\u00adgis\u00adche Kom\u00admu\u00adnika\u00adtion, Kann die mod\u00aderne Gesellschaft sich auf \u00f6kol\u00ado\u00adgis\u00adche Gef\u00e4hrdun\u00adgen ein\u00adstellen ? 3. Aufl., West\u00addeutsch\u00ader Ver\u00adlag, Opladen, Wies\u00adbaden&nbsp;1988<\/p>\n<p>Luh\u00admann, Niklas: Soziale Sys\u00adteme, Grun\u00addriss ein\u00ader all\u00adge\u00admeinen The\u00ado\u00adrie, Suhrkamp Ver\u00adlag, Frankfurt\/Main 1987<\/p>\n<p>Luh\u00admann, Niklas: Die Wis\u00adsenschaft der Gesellschaft. Frank\u00adfurt am Main. Suhrkamp, 1990<\/p>\n<p>Luh\u00admann, Niklas: Sozi\u00adolo\u00adgie des Risikos. Berlin 1991: De Gruyter<\/p>\n<p>Luh\u00admann, Niklas: Die Real\u00adit\u00e4t der Massen\u00adme\u00addi\u00aden. Opladen. Westdeutscher<br>\nVer\u00adlag,&nbsp;1996<\/p>\n<p>Luh\u00admann, Niklas: Protest. Sys\u00adtemthe\u00ado\u00adrie und soziale Bewe\u00adgun\u00adgen. Her\u00adaus\u00adgegeben von K.U. Hell\u00admann. Frank\u00adfurt am Main. Suhrkamp, 1996<\/p>\n<p>Luh\u00admann, Niklas: Die Gesellschaft der Gesellschaft, 2 B\u00e4nde. Frank\u00adfurt am Main. Suhrkamp, 1997<\/p>\n<p>Luh\u00admann, Niklas: Ein\u00adf\u00fchrung in die Sys\u00adtemthe\u00ado\u00adrie. Her\u00adaus\u00adgegeben von Dirk Baeck\u00ader. Hei\u00addel\u00adberg. Carl-Auer-Ver\u00adlag,&nbsp;2002<\/p>\n<p>Mar\u00adcuel\u00adlo Ser\u00advos, Chaime (Ed.): Socio\u00adciber\u00adnet\u00adi\u00adca: Lin\u00adeamien\u00adtos de un par\u00ada\u00addig\u00adma. Madrid y Mex\u00adi\u00adco Ciu\u00addad. Insti\u00adtu\u00adcion Fer\u00adnan\u00addo El Catoli\u00adco, Zaragoza, en coop\u00adera\u00adcion con el Lab Com\u00adplexa de la Uni\u00adver\u00adsi\u00addad Nacional Autono\u00adma de Mex\u00adi\u00adco, Ciu\u00addad de Mex\u00adi\u00adco,&nbsp;2006<\/p>\n<p>Masur, Ger\u00adhard: Simon Boli\u00advar und die Befreiung S\u00fcdamerikas. S\u00fcd\u00adver\u00adlag, Kon\u00adstanz, 1949<\/p>\n<p>Migno\u00adlo, Wal\u00adter D.: Epis\u00adtemis\u00adch\u00ader Unge\u00adhor\u00adsam. Rhetorik der Mod\u00aderne, Logik der Kolo\u00adnial\u00adit\u00e4t und Gram\u00admatik der Dekolo\u00adnial\u00adit\u00e4t. Aus dem Spanis\u00adchen von Jens Kast\u00adner und Tom Waibel. Wien 2012: Turia +&nbsp;Kant<\/p>\n<p>Mitchell, San\u00addra: Kom\u00adplex\u00adit\u00e4ten. Warum wir erst anfan\u00adgen, die Welt zu ver\u00adste\u00adhen. Frank\u00adfurt am Main. Suhrkamp, 2008<\/p>\n<p>M\u00f6ller, Erik: Die heim\u00adliche Medi\u00aden\u00adrev\u00ado\u00adlu\u00adtion. Wie Weblogs, Wikis und freie Soft\u00adware die Welt ver\u00e4n\u00addern. Han\u00adnover. Heise, 2005,<\/p>\n<p>Narv\u00e1ez Jaimes, Gin\u00adneth Esmer\u00adal\u00adda <span class=\"amp\">&amp;<\/span> Castiblan\u00adco Dur\u00e1n, Cami\u00adlo Andr\u00e9s: Soci\u00adolog\u00eda de la Paz en Colom\u00adbia. Bal\u00adance ter\u00adri\u00adto\u00adr\u00adi\u00adal del posacuer\u00addo. Bogot\u00e1 2021:&nbsp;<span class=\"caps\">USTA<\/span><\/p>\n<p>Pati\u00f1o, Otty: His\u00adto\u00adria (pri\u00adva\u00adda) de la Vio\u00adlen\u00adcia. La cri\u00adsis colom\u00adbiana de medi\u00adadod del siglo <span class=\"caps\">XX<\/span> con\u00adta\u00adda por los descen\u00addi\u00adentes de sus pro\u00adtag\u00ado\u00adnistas. Bogot\u00e1 2017: Debate<\/p>\n<p>P\u00e9cault, Daniel: Orden y Vio\u00adlen\u00adcia. Evolu\u00adci\u00f3n socio-pol\u00edti\u00adca de Colom\u00adbia entre 1930 y 1953. Edi\u00adto\u00adr\u00adi\u00adal Nor\u00adma, Bogot\u00e1, 1987<\/p>\n<p>Pichot, Andr\u00e9: Die Geburt der Wis\u00adsenschaft. Von den Baby\u00adloniern zu den fr\u00fchen Griechen. Frank\u00adfurt am Main. Cam\u00adpus,&nbsp;1995<\/p>\n<p>Pursche, Robert: Umk\u00e4mpftes Nach\u00adleben. Wal\u00adter Ben\u00adjamins Archive 1940 \u2014 1990.G\u00f6ttingen 2024, Wall\u00adstein Verlag<\/p>\n<p>Rieger, Ste\u00adfan: Kyber\u00adnetis\u00adche Anthro\u00adpolo\u00adgie. Eine Geschichte der Vir\u00adtu\u00adal\u00adit\u00e4t. Frank\u00adfurt am Main. Suhrkamp, 2003<\/p>\n<p>Robin\u00adson, Andrew: Die Geschichte der Schrift. D\u00fcs\u00adsel\u00addorf. Alba\u00adtros,&nbsp;2004<\/p>\n<p>Roth\u00adberg, Michael: Mul\u00adti\u00addi\u00adrek\u00adtionale Erin\u00adnerung. Holo\u00adcaustge\u00addenken im Zeital\u00adter der Dekolonisierung. Berlin 2021: Metropol Verlag<\/p>\n<p>S\u00e1nchez G\u00f3mez, Gon\u00adza\u00adlo: Colom\u00adbia: Vio\u00adlen\u00adcia y Democ\u00adra\u00adcia. Comi\u00adsion de Estu\u00addios sobre la Vio\u00adlen\u00adcia. La Car\u00adreta Edi\u00adtores, Bogot\u00e1, 1987<\/p>\n<p>S\u00e1nchez G\u00f3mez, Gon\u00adza\u00adlo: Caminos de Guer\u00adra, Utp\u00edas de Paz. Colom\u00adbia 1948 \u2014 2020. Bogot\u00e1 2021: Edi\u00adto\u00adr\u00adi\u00adal&nbsp;Nomos<\/p>\n<p>Schmitt, Carl: Der Begriff des Poli\u00adtis\u00adchen. Dunck\u00ader <span class=\"amp\">&amp;<\/span> Hum\u00adblot, M\u00fcnchen, 1932<\/p>\n<p>Spin\u00adner, Hel\u00admut F.: Die Wis\u00adsensor\u00add\u00adnung. Ein Leitkonzept f\u00fcr die dritte Grun\u00addord\u00adnung des Infor\u00adma\u00adtion\u00adszeital\u00adters. Opladen. Leske + Budrich, 1994,<\/p>\n<p>St\u00e4he\u00adli, Urs: Sinnzusam\u00admen\u00adbr\u00fcche. Eine dekon\u00adstruk\u00adtivis\u00adtis\u00adche Lek\u00adt\u00fcre von Niklas Luh\u00admanns Sys\u00adtemthe\u00ado\u00adrie. Weil\u00ader\u00adswist: Vel\u00adbr\u00fcck, 2000<\/p>\n<p>Stein\u00adbuch, Karl: Automat und Men\u00adsch. Auf dem Weg zu ein\u00ader kyber\u00adnetis\u00adchen Anthro\u00adpolo\u00adgie. 4. neubear\u00adbeit\u00adete Auflage. Berlin \u2014 Hei\u00addel\u00adberg \u2014 New York. Springer, 1971<\/p>\n<p>Stich\u00adweh, Rudolf: Der fr\u00fch\u00admod\u00aderne Staat und die europ\u00e4is\u00adche Uni\u00adver\u00adsit\u00e4t. Zur Inter\u00adak\u00adtion von Poli\u00adtik und Erziehungssys\u00adtem im Proze\u00df ihrer Aus\u00add\u00adif\u00adferen\u00adzierung (16. \u2014 18. Jahrhun\u00addert). Frank\u00adfurt am Main. Suhrkamp, 1991,<\/p>\n<p>St\u00f6rig, Hans Joachim: Kleine Welt\u00adgeschichte der Wis\u00adsenschaft, 2 B\u00e4nde. K\u00f6ln. Park\u00adland,&nbsp;2004<\/p>\n<p>Stonier, Tom: Infor\u00adma\u00adtion and the Inter\u00adnal Struc\u00adture of the Uni\u00adverse, An Explo\u00adration into Infor\u00adma\u00adtion Physics, Springer-Ver\u00adlag, Berlin, Hei\u00addel\u00adberg, New York, Tokyo&nbsp;1990<\/p>\n<p>De Sousa San\u00adtos, Boaven\u00adtu\u00adra: Epis\u00adte\u00admolo\u00adgien des S\u00fcdens. Gegen die Hege\u00admonie des west\u00adlichen Denkens. M\u00fcn\u00adster 2018: Unrats Verlag<\/p>\n<p>Tjaden, K.H. (Hg.): Soziale Sys\u00adteme. Neuwied und Berlin. Luchterhand,<br>\n1971,<\/p>\n<p>Tjaden, K.H.: Soziales Sys\u00adtem und sozialer Wan\u00addel. Unter\u00adsuchun\u00adgen zur Geschichte und Bedeu\u00adtung zweier Begriffe. Stuttgart. Enke,&nbsp;1972,<\/p>\n<p>Visi\u00f3n de los Ven\u00adci\u00addos. Rela\u00adciones Ind\u00ed\u00adge\u00adnas de la Con\u00adquista. <span class=\"caps\">UNAM<\/span>, M\u00e9x\u00adi\u00adco,&nbsp;2001<\/p>\n<p>Wertheim, Mar\u00adgaret: Die Him\u00admel\u00adst\u00fcr zum Cyber\u00adspace. Von Dante zum Inter\u00adnet. Z\u00fcrich. Ammann Ver\u00adlag,&nbsp;2000<\/p>\n<p>W\u00f6rsching, Math\u00adias: Faschis\u00admus\u00adthe\u00ado\u00adrien. \u00dcberblick und Ein\u00adf\u00fchrung. Stuttgart 2020: Schmetter\u00adling Verlag<\/p>\n<p>&nbsp;<\/p>\n<h3>Themenrelevante Links<\/h3>\n<ul>\n<li><a href=\"http:\/\/www.vorratsdatenspeicherung.de\"> <span class=\"caps\">AK<\/span> Vorratsdatenspeicherung<\/a><\/li>\n<li><a href=\"http:\/\/www.law.duke.edu\/pd\/papers\/boyle.pdf\"> James Boyle: The Sec\u00adond Enclosure&nbsp;<\/a><\/li>\n<li><a href=\"http:\/\/fsfe.org\/index.de.html\">Free Soft\u00adware Foun\u00adda\u00adtion Europe&nbsp;<\/a><\/li>\n<li><a href=\"http:\/\/freie-software.bpb.de\"> Volk\u00ader Grass\u00admuck: Freie Software&nbsp;<\/a><\/li>\n<li><a href=\"http:\/\/www.infoamerica.org\/\">Infoamer\u00adi\u00adca \u2014 El Por\u00adtal de la Comunicaci\u00f3n<\/a><\/li>\n<li><a href=\"http:\/\/www.ila-web.de\/\">Infor\u00adma\u00adtion\u00adsstelle Lati\u00adnameri\u00adka e.V.<\/a><\/li>\n<li><a href=\"http:\/\/www.isa-sociology.org\/\">Inter\u00adna\u00adtion\u00adal Soci\u00ado\u00adlog\u00adi\u00adcal Asso\u00adci\u00ada\u00adtion (<span class=\"caps\">ISA<\/span>)<\/a><\/li>\n<li><a href=\"http:\/\/www.free-culture.cc\/\"> Lawrence Less\u00ading: Free Culture<\/a><\/li>\n<li><a href=\"https:\/\/web.archive.org\/web\/20220615070930\/http:\/\/emoglen.law.columbia.edu\/publications\/dcm.html\"> Eben Moglen: The dot\u00adCom\u00admu\u00adnist Manifesto&nbsp;<\/a><\/li>\n<li><a href=\"https:\/\/sociocybernetics.org\">Research Com\u00admit\u00adtee 51 on Socio\u00adcy\u00adber\u00adnet\u00adics<\/a> of the Inter\u00adna\u00adtion\u00adal Soci\u00ado\u00adlog\u00adi\u00adcal Asso\u00adci\u00ada\u00adtion (<span class=\"caps\">ISA<\/span>)<\/li>\n<li><a href=\"https:\/\/asc-cybernetics.org\/foundations\/historyrefs.htm\">His\u00adto\u00adry of Cybernetics<\/a><\/li>\n<li><a href=\"https:\/\/soziologie.de\/sektionen\/wissenssoziologie\/kurzportrait\">Sek\u00adtion Wis\u00adsenssozi\u00adolo\u00adgie der Deutschen Gesellschaft f\u00fcr Sozi\u00adolo\u00adgie (<span class=\"caps\">DGS<\/span>)<\/a> <\/li>\n<li><a href=\"https:\/\/soziologie.de\/sektionen\/wissenschafts-und-technikforschung\/aktuell\"> Sek\u00adtion Wis\u00adsenschafts- und Tech\u00adnikforschung der Deutschen Gesellschaft f\u00fcr Sozi\u00adolo\u00adgie (<span class=\"caps\">DGS<\/span>)<\/a> <\/li>\n<li><a href=\"http:\/\/geses.unizar.es\">Grupo de Estu\u00addios Sociales y Econ\u00f3mi\u00adcos del Ter\u00adcer Sec\u00adtor, Uni\u00adver\u00adsi\u00addad Zaragoza, Espa\u00f1a&nbsp;<\/a><\/li>\n<\/ul>\n","protected":false},"excerpt":{"rendered":"<p>Pub\u00adlika\u00adtio\u00adnen und Vortr\u00e4ge des Vere\u00adins \u00bbWis\u00adsenskul\u00adturen e.V.\u00ab Kaut, Thomas: Wahrheit \u2014 Ver\u00adste\u00adhen \u2014 Treue. \u00dcber\u00adlegun\u00adgen zu einem Ethos des \u00dcber\u00adset\u00adzens, in: E. Wern\u00ader (hg.), Bibel\u00fcber\u00adset\u00adzung als Wis\u00adsenschaft. Aktuelle Fragestel\u00adlun\u00adgen und Per\u00adspek\u00adtiv\u00aden. Beitr\u00e4ge zum Forum Bibel\u00fcber\u00adset\u00adzung aus den Jahren 2005\u20132011, Deutsche Bibelge\u00adsellschaft: Stuttgart 2012, S.225\u2013251. Kaut, Thomas: Der schwarze Schwan. Pen Ver\u00adlag: 2008,&nbsp;Bonn Lenz, Anne <span class=\"amp\">&amp;<\/span> Pae\u00adtau, Lau\u00adra: Noth\u00adin\u2019 but a B\u2011Thang? Von Gangs\u00ad\u00adta-Rap\u00adpern, Orthop\u00e4\u00adden und anderen Pro\u00advoka\u00adteuren. In: Diet\u00adrich, M.; Seel\u00adiger, M. (Hg.): Deutsch\u00ader Gangs\u00ad\u00adta-Rap. Sozial- und kul\u00adtur\u00adwis\u00adsenschaftliche Beitr\u00e4ge zu einem Pop-Ph\u00e4nomen. Biele\u00adfeld 2012, Tran\u00adscript Ver\u00adlag, pp. 109 \u2014&nbsp;164&nbsp; Lenz, Anne <span class=\"amp\">&amp;<\/span> Pae\u00adtau, Lau\u00adra: Machen Feminist_innen Fem\u00adi\u00adnis\u00admus? \u201can.schl\u00e4ge Das fem\u00adi\u00adnis\u00adtis\u00adche Mag\u00ada\u00adzin. M\u00e4rz 2011,&nbsp;Wien&nbsp; Lenz, Anne <span class=\"amp\">&amp;<\/span> Pae\u00adtau, Lau\u00adra: Fem\u00adi\u00adnis\u00admen und Neue Poli\u00adtis\u00adche Gen\u00ader\u00ada\u00adtion. M\u00fcn\u00adster 2009, West\u00adf\u00e4lis\u00adches Dampf\u00adboot Pae\u00adtau, Lau\u00adra <span class=\"amp\">&amp;<\/span> Thors\u00adson, Steen: Ale\u00adma\u00adnia: ser\u00advi\u00adcios sociales vs. inter\u00adven\u00adcion polit\u00adi\u00adca. Un ejem\u00adp\u00adlo del colec\u00adti\u00advo Vil\u00adla 32 en Berlin-Wed\u00add\u00ading. In: Guti\u00e9r\u00adrez, Resa, A.; Mar\u00adcuel\u00adlo Serv\u00f2s, C. (Hg.): Ser\u00advi\u00adcios Sociales: Mod\u00ade\u00adlos y Per\u00adspec\u00adti\u00advas. Madrid 2008, Edi\u00adciones Aca\u00add\u00ade\u00adm\u00adi\u00adcas&nbsp; Pae\u00adtau, M.: Sys\u00adteme der Gewalt \u2014 Para\u00admil\u00adi\u00adtaris\u00admus in Kolumbi\u00aden. Soziale Sys\u00adteme, vol. 27, no. 1\u20132, 2022, pp. 85\u2013109 Pae\u00adtau, M.: Post\u00adcon\u00adflict Tran\u00adsi\u00adtion and His\u00adtoric Mem\u00ado\u00adry. 17th Inter\u00adna\u00adtion\u00adal Con\u00adfer\u00adence of Socio\u00adcy\u00adber\u00adnet\u00adics. \u00bbReflec\u00adtion on Glob\u00adal Chal\u00adlenges and Local Answers to Sus\u00adtain\u00adabil\u00adi\u00adty\u00ab. Zaragoza, Spain, June 20\u201322, 2022&nbsp; Pae\u00adtau, M.: Kolumbi\u00aden kommt nicht zur Ruhe. Proteste in Kolumbi\u00aden. Friedens\u00adfo\u00adrum, (5) 2021, pp. 12\u201314 Pae\u00adtau, M.: Human being: Sys\u00adtem or not a sys\u00adtem, that is the ques\u00adtion. 15th Inter\u00adna\u00adtion\u00adal Con\u00adfer\u00adence of Socio\u00adcy\u00adber\u00adnet\u00adics. \u201c<span class=\"caps\">DARK<\/span> <span class=\"caps\">AGES<\/span> 2.0\u201d: <span class=\"caps\">SOCIAL<\/span> <span class=\"caps\">MEDIA<\/span> <span class=\"caps\">AND<\/span> <span class=\"caps\">THEIR<\/span> <span class=\"caps\">IMPACT<\/span>. Uni\u00adver\u00adsi\u00adty of Urbino, Urbino Italy, June 25\u201329, 2019&nbsp; Pae\u00adtau, M: The Colom\u00adbian peace process and the com\u00adplex\u00adi\u00adty of vio\u00adlence: A socio\u00adcy\u00adber\u00adnet\u00adic obser\u00adva\u00adtion. Cur\u00adrent Soci\u00adol\u00ado\u00adgy, 2019, Vol. 67(4) 611\u00ad\u2013624 Paetau.M.: Sta\u00adbi\u00adliz\u00ading Nor\u00adma\u00adtive Con\u00adtra\u00addic\u00adtions: A Socio\u00adcy\u00adber\u00adnet\u00adic View on Pow\u00ader. <span class=\"caps\">XIX<\/span> World Con\u00adgress of Soci\u00adol\u00ado\u00adgy. Toron\u00adto, Cana\u00adda, July 15\u201321, 2018&nbsp; Pae\u00adtau, M: Post-Con\u00adflict in Colom\u00adbia \u2014 A Socio\u00adcy\u00adber\u00adnet\u00adic Obser\u00adva\u00adtion on Com\u00adplex\u00adi\u00adty of the World Longest War. 14th Inter\u00adna\u00adtion\u00adal Con\u00adfer\u00adence of Socio\u00adcy\u00adber\u00adnet\u00adics. Medellin, Colom\u00adbia, June 20\u201323, 2017 Pae\u00adtau, Michael: Bit\u00adcoin und die Pro\u00advoka\u00adtion der \u201cBlockchain-Econ\u00ado\u00admy\u201d. Forum Wis\u00adsenschaft, 34. Jg., Nr. 1 (Feb\u00adru\u00adar 2017), hrsgg. v. Bund demokratis\u00adch\u00ader Wis\u00adsenschaft\u00adlerin\u00adnen und Wis\u00adsenschaftler e.V. (BdWi) Pae\u00adtau, Michael: Mon\u00adey As a Medi\u00adum\/\u00ad\u00adForm-Dis\u00ad\u00adt\u00adinc\u00ad\u00adtion: The Chal\u00adlenge of Blockchain-Econ\u00ado\u00admy to Luh\u00adman\u00adn\u2019s Con\u00adcept of Mon\u00adey As a Sym\u00adbol\u00adi\u00adcal\u00adly Gen\u00ader\u00adal\u00adized Com\u00admu\u00adni\u00adca\u00adtion Medi\u00adum. 3rd ISA-Forum of Soci\u00adol\u00ado\u00adgy, Vien\u00adna, Aus\u00adtria, July 10\u201314, 2016&nbsp; Pae\u00adtau, Michael: Bit\u00adcoin: The Emer\u00adgence of Self-Orga\u00adnized Cryp\u00adtocur\u00adren\u00adcy. 13th Inter\u00adna\u00adtion\u00adal Con\u00adfer\u00adence of Socio\u00adcy\u00adber\u00adnet\u00adics. Zaragoza, Spain, June 29 \u2013 July 3,&nbsp;2015 Pae\u00adtau, Michael: Social Media, Open Gov\u00adern\u00adment and Liq\u00aduid Democ\u00adra\u00adcy. <span class=\"caps\">XVIII<\/span> <span class=\"caps\">ISA<\/span> World Con\u00adgress of Soci\u00adol\u00ado\u00adgy, Yoko\u00adhama, Japan, 13\u201319 July&nbsp;2014 Pae\u00adtau, Michael: Niklas Luh\u00admann and Cyber\u00adnet\u00adics. Jour\u00adnal of Socio\u00adcy\u00adber\u00adnet\u00adics, Vol 11 (2013), S. 75\u2013103 Pae\u00adtau, Michael: Sys\u00adtems The\u00ado\u00adry and Social Net\u00adworks \u2014 an unre\u00adsolv\u00adable Con\u00adtra\u00addic\u00adtori\u00adness?. 12th Inter\u00adna\u00adtion\u00adal Con\u00adfer\u00adence of Socio\u00adcy\u00adber\u00adnet\u00adics \u201cThe Socio\u00adcy\u00adber\u00adnet\u00adics of Social Sys\u00adtems and Social Net\u00adworks\u201d, M\u00e9ri\u00adda, Yucatan, M\u00e9x\u00adi\u00adco, 24\u201328 June&nbsp;2013&nbsp; Pae\u00adtau, Michael: Frei\u00adheit und Wis\u00adsensor\u00add\u00adnung. In: Kahrs, H. (Hg.): Piraten\u00adza\u00aduber. \u00dcber eine Gesellschaft, die Freibeuter her\u00advor\u00adbringt. K\u00f6ln 2013: Papy\u00adRossa, S. 113\u2013130 Pae\u00adtau, Michael: Kyber\u00adnetik und fl\u00fcs\u00adsige Demokratie. In: Kahrs, H. (Hg.): Piraten\u00adza\u00aduber. \u00dcber eine Gesellschaft, die Freibeuter her\u00advor\u00adbringt. K\u00f6ln 2013: Papy\u00adRossa, S. 173\u2013187 Pae\u00adtau, Michael: Pirat\u00aden am Kreuzweg der Wis\u00adsensor\u00add\u00adnung. Das Argu\u00adment 295, 2011, S. 902 \u2014&nbsp;911&nbsp; Pae\u00adtau, Michael: Par\u00adla\u00adment geen\u00adtert, Pirat\u00aden an Bord. Bl\u00e4t\u00adter f\u00fcr deutsche und inter\u00adna\u00adtionale Poli\u00adtik 10\/2011, S. 11\u201314 Pae\u00adtau, Michael: Die Piraten\u00adpartei. Vision ein\u00ader freien Wis\u00adsensor\u00add\u00adnung. In: Forum Wis\u00adsenschaft. 27. Jg. (2010), S. 51 \u2014&nbsp;54&nbsp; Pae\u00adtau, Michael: Eman\u00adci\u00adpa\u00adtion, Post-Colo\u00ad\u00adnial\u00adism and Sec\u00adond Order Cyber\u00adnet\u00adics. <span class=\"caps\">XVII<\/span> ISA-World Con\u00adgress of Soci\u00adol\u00ado\u00adgy, G\u00f6te\u00adborg, Schwe\u00adden, 11.\u201317. Juli 2010 (Research Com\u00admi\u00adtee 51 on Socio\u00adcy\u00adber\u00adnet\u00adics) Pae\u00adtau, Michael: The Web of Knowl\u00adedge \u2014 The Web of Pow\u00ader? 9th Inter\u00adna\u00adtion\u00adal Con\u00adfer\u00adence of Socio\u00adcy\u00adber\u00adnet\u00adics \u201cModer\u00adni\u00adty 2.0: Emerg\u00ading Social Media Tech\u00adnolo\u00adgies and their Impact\u201d, Urbino, Italy, 29 June \u2014 5 July&nbsp;2009 Pae\u00adtau, Michael: Tran\u00adsi\u00adtion of Knowl\u00adedge For\u00adma\u00adtion: Com\u00adplex\u00adi\u00adty, Dif\u00adfer\u00adence and Eman\u00adci\u00adpa\u00adtion. 8th Inter\u00adna\u00adtion\u00adal Con\u00adfer\u00adence of Socio\u00adcy\u00adber\u00adnet\u00adics \u201cCom\u00adplex Social Sys\u00adtems, Inter\u00addis\u00adci\u00adpli\u00adnar\u00adi\u00adty and World Futures\u201d, Ciu\u00addad de M\u00e9x\u00adi\u00adco, M\u00e9x\u00adi\u00adco, 23\u201327 June&nbsp;2008 Bran\u00addl, V.; Grun\u00adwald, A.; J\u00f6ris\u00adsen, J.; Kopfm\u00fcller, J.; Pae\u00adtau, M.: Das inte\u00adgra\u00adtive Konzept nach\u00adhaltiger Entwick\u00adlung. In: Coenen, R.; Grun\u00adwald, A. (Ed.): Nach\u00adhaltigkeit\u00adsprob\u00adleme in Deutsch\u00adland. Analyse und L\u00f6sungsstrate\u00adgien. (Glob\u00adal zukun\u00adfts\u00adf\u00e4hige Entwick\u00adlung \u2014 Per\u00adspek\u00adtiv\u00aden f\u00fcr Deutsch\u00adland, Bd. 5). Edi\u00adtion Sig\u00adma: Berlin 2003. S. 55\u201382 Kopfm\u00fcller, J.; Bran\u00addl, V.; J\u00f6ris\u00adsen, J.; Pae\u00adtau, M.; Banse, G.; Coenen, R.; Grun\u00adwald, A.: Nach\u00adhaltige Entwick\u00adlung inte\u00adgra\u00adtiv betra\u00adchtet. Kon\u00adsti\u00adtu\u00adtive Ele\u00admente, Regeln, Indika\u00adtoren. (Glob\u00adal zukun\u00adfts\u00adf\u00e4hige Entwick\u00adlung \u2013 Per\u00adspek\u00adtiv\u00aden f\u00fcr Deutsch\u00adland, Bd. 1) Edi\u00adtion Sig\u00adma: Berlin 2001&nbsp;. J\u00f6ris\u00adsen, J.; Kopfm\u00fcller; J. Bran\u00addl, V.; Pae\u00adtau, M.: Ein inte\u00adgra\u00adtives Konzept nach\u00adhaltiger Entwick\u00adlung. Forschungszen\u00adtrum Karl\u00adsruhe: Karl\u00adsruhe&nbsp;1999&nbsp; Pae\u00adtau, Michael: Das Marxsche Quan\u00adtit\u00e4ts\u00adge\u00adsetz und die neuere Infla\u00adtions\u00addiskus\u00adsion. Sozial\u00adis\u00adtis\u00adche Poli\u00adtik (<span class=\"caps\">SOPO<\/span>), Jg. 10 (1978, Heft 3), S. 54\u201364 &nbsp; Son\u00adstige aus\u00adgew\u00e4hlte Lit\u00ader\u00adatur Acuer\u00addo Final. Gob\u00adier\u00adno de Colom\u00adbia \u2014 <span class=\"caps\">FARC-EP<\/span> para la ter\u00admi\u00adnaci\u00f3n del con\u00adflic\u00adto y la con\u00adstruc\u00adci\u00f3n de una paz estable y duradera (Noviem\u00adbre 21 de 2016). Edi\u00adciones Des\u00adde Aba\u00adjo,&nbsp;2017 Arendt, Han\u00adnah: On Vio\u00adlence. New York, N.Y: Har\u00adcourt, Brace <span class=\"amp\">&amp;<\/span> World, 1070 Ass\u00admann, Alei\u00adda <span class=\"amp\">&amp;<\/span> Ass\u00admann, Jan: Das Gestern im Heute: Medi\u00aden und soziales Ged\u00e4cht\u00adnis. Merten, Klaus; Schmidt, Siegfried J. <span class=\"amp\">&amp;<\/span> Weis\u00adchen\u00adberg\u00ader, Siegfried (Ed.): Die Wirk\u00adlichkeit der Medi\u00aden. Eine Ein\u00adf\u00fchrung in die Kom\u00admu\u00adnika\u00adtion\u00adswis\u00adsenschaft. Opladen. West\u00addeutsch\u00ader Ver\u00adlag, 1994, pp. 114\u2013140 Ass\u00admann, Jan: Das kul\u00adturelle Ged\u00e4cht\u00adnis. Schrift, Erin\u00adnerung und poli\u00adtis\u00adche Iden\u00adtit\u00e4t in fr\u00fchen Hochkul\u00adturen. M\u00fcnchen. Beck,&nbsp;1992, Ass\u00admann, Jan: Reli\u00adgion und kul\u00adturelles Ged\u00e4cht\u00adnis. M\u00fcnchen. Beck,&nbsp;2000, Bacon, Fran\u00adcis: Novum Organon \u2014 Neues Organon. Ham\u00adburg. Mein\u00ader,&nbsp;1990, Ben\u00adford, Gre\u00adgo\u00adry: Deep Time: How Human\u00adi\u00adty Com\u00admu\u00adni\u00adcates Across Mil\u00adlen\u00adnia. New York. Avon Books, 1999, pp.&nbsp;225 Ben\u00adjamin, Wal\u00adter: Das Kunst\u00adwerk im Zeital\u00adter sein\u00ader tech\u00adnis\u00adchen Repro\u00adduzier\u00adbarkeit. Drei Stu\u00addi\u00aden zur Kun\u00adst\u00adsozi\u00adolo\u00adgie. Frank\u00adfurt am Main 1972: Suhrkamp, S. 9\u201344 Ben\u00adjamin, Wal\u00adter: Der Begriff der Kun\u00adstkri\u00adtik in der deutschen Roman\u00adtik. Frank\u00adfurt am Main 1973: Suhrkamp Ben\u00adjamin, Wal\u00adter: Zur Kri\u00adtik der Gewalt und andere Auf\u00ads\u00e4tze. Mit einem Nach\u00adwort von Her\u00adbert Mar\u00adcuse. Frank\u00adfurt am Main 1965: Suhrkamp B\u00f6deck\u00ader, Sebas\u00adt\u00adian; Mold\u00aden\u00adhauer, Oliv\u00ader <span class=\"amp\">&amp;<\/span> Rubbel, Benedikt: Wis\u00adsensall\u00admende. Gegen die Pri\u00advatisierung des Wis\u00adsens der Welt durch \u201cgeistige Eigen\u00adtum\u00adsrechte\u201d. Ham\u00adburg. <span class=\"caps\">VSA<\/span>,&nbsp;2005, Bret\u00adthauer, Lars: Geistiges Eigen\u00adtum im dig\u00adi\u00adtal\u00aden Zeital\u00adter. Staatliche Reg\u00adulierung und allt\u00e4gliche K\u00e4mpfe in der Spielfil\u00admin\u00addus\u00adtrie. M\u00fcn\u00adster. West\u00adf\u00e4lis\u00adches Dampf\u00adboot,&nbsp;2009, Buck\u00adley, Wal\u00adter: Soci\u00adol\u00ado\u00adgy and Mod\u00adern Sys\u00adtem The\u00ado\u00adrie. New Jer\u00adsey (<span class=\"caps\">UK<\/span>). Pren\u00adtice Hall Inc.,&nbsp;1967 Burke, Peter: Venedig und Ams\u00adter\u00addam im 17. Jahrhun\u00addert. G\u00f6t\u00adtin\u00adgen. Stei\u00addl,&nbsp;1993, Burke, Peter: Papi\u00ader und Mark\u00adt\u00adgeschrei. Die Geburt der Wis\u00adsens\u00adge\u00adsellschaft. Berlin. Wagen\u00adbach,&nbsp;2001 Burke, Peter: W\u00f6rter machen Leute. Gesellschaft und Sprachen im Europa der fr\u00fchen Neuzeit. Berlin. Wagen\u00adbach,&nbsp;2006, Bush\u00adnell, David: Colom\u00adbia, una naci\u00f3n a pesar de s\u00ed mis\u00adma. De los tiem\u00adpos pre\u00adcolom\u00adbianos a nue\u00adstros dias. Plan\u00ade\u00adta, Bogot\u00e1, 1996 But\u00adler, Judith: Das Unbe\u00adha\u00adgen der Geschlechter. Gen\u00adder Stud\u00adies. Frank\u00adfurt am Main. Suhrkamp, 1991, But\u00adler, Judith: Die Macht der Geschlechter\u00adnor\u00admen. Frank\u00adfurt am Main. Suhrkamp, 2009, But\u00adler, Judith; Laclau, Ernesto; \u017di\u017eek, Slavoj: Con\u00adtin\u00adgency, Hege\u00admo\u00adny, Uni\u00adver\u00adsal\u00adi\u00adty. Con\u00adtem\u00adpo\u00adrary Dia\u00adlogues on the Left. Lon\u00addon. Ver\u00adso,&nbsp;2000, Cas\u00adtel, Robert: Die Meta\u00admor\u00adpho\u00adsen der sozialen Frage. Eine Chronik der Lohnar\u00adbeit.. Kon\u00adstanz. <span class=\"caps\">UVK<\/span>,&nbsp;2008, Craig, Edward: Was wir wis\u00adsen k\u00f6n\u00adnen. Prag\u00adma\u00adtis\u00adche Unter\u00adsuchun\u00adgen zum Wis\u00adsens\u00adbe\u00adgriff. Frank\u00adfurt am Main. Suhrkamp, 1993 Demirovic, Alex (Ed.): Kom\u00adplex\u00adit\u00e4t und Emanzi\u00adpa\u00adtion. Kri\u00adtis\u00adche gesellschaft\u00ads\u00adthe\u00ado\u00adrie und die Her\u00adaus\u00adforderung der Sys\u00adtemthe\u00ado\u00adrie Niklas Luh\u00admanns. M\u00fcn\u00adster. West\u00adf\u00e4lis\u00adches Dampf\u00adboot,&nbsp;2001 Elias, Nor\u00adbert: \u00dcber die Zeit. Arbeit\u00aden zur Wis\u00adsenssozi\u00adolo\u00adgie <span class=\"caps\">II<\/span>. Frank\u00adfurt am Main 1984: Suhrkamp Espos\u00adi\u00adto, Ele\u00adna: Soziales Vergessen. For\u00admen und Medi\u00aden des Ged\u00e4cht\u00adniss\u00ades der Gesellschaft. Frank\u00adfurt am Main. Suhrkamp, 2002 Etzioni, Ami\u00adtai: The Active Soci\u00adety, Col\u00adlier Macmil\u00adlan, New York&nbsp;1968 Fou\u00adcault, Michel: Die Ord\u00adnung des Diskurs\u00ades. Frank\u00adfurt am Main. Fis\u00adch\u00ader, 1991, pp.&nbsp;93 Fou\u00adcault, Michel: Arch\u00e4olo\u00adgie des Wis\u00adsens. Frank\u00adfurt am Main. Suhrkamp, 1981, pp.&nbsp;301 Fou\u00adcault, Michel: Geschichte der Gou\u00adverne\u00admen\u00adtal\u00adit\u00e4t I: Sicher\u00adheit, Ter\u00adri\u00adto\u00adri\u00adum, Bev\u00f6lkerung. Vor\u00adlesun\u00adgen am Col\u00adl\u00e8ge de France (1977\u20131978). Frank\u00adfurt am Main. Suhrkamp, 2004, Fou\u00adcault, Michel: Geschichte der Gou\u00adverne\u00admen\u00adtal\u00adit\u00e4t <span class=\"caps\">II<\/span>: Die Geburt der Biopoli\u00adtik. Vor\u00adlesun\u00adgen am Col\u00adl\u00e8ge de France (1978\u20131979). Frank\u00adfurt am Main. Suhrkamp, 2004, Fried, Johannes; S\u00fc\u00df\u00admann, Johannes (Ed.): Rev\u00ado\u00adlu\u00adtio\u00adnen des Wis\u00adsens. Von der Steinzeit bis zur Mod\u00aderne. M\u00fcnchen. Beck,&nbsp;2001, Fried, Johannes; Kail\u00ader, Thomas (Ed.): Wis\u00adsenskul\u00adturen. Beitr\u00e4ge zu einem forschungsstrate\u00adgis\u00adchen Konzept. Berlin. Akademie Ver\u00adlag,&nbsp;2003 Gar\u00adc\u00eda, Rolan\u00addo: El Conocimien\u00adto en Con\u00adstruc\u00adci\u00f3n. De las For\u00admu\u00adla\u00adciones de Jean Piaget a la ter\u00eda de sis\u00adtemas com\u00adple\u00adjos. Edi\u00adtio\u00adr\u00adi\u00adal Gedisa, 2000 Glasers\u00adfeld, Ernst von: Radikaler Kon\u00adstruk\u00adtivis\u00admus, Ideen, Ergeb\u00adnisse, Prob\u00adleme, 2. Aufl., (Orig.: Rad\u00adi\u00adcal Con\u00adstruc\u00adtivism), Wis\u00adsenschaft, Bd. 1326, Suhrkamp Ver\u00adlag, Frankfurt\/Main 1998 [1\/1997] G\u00f3mez Jim\u00e9nez, Alcides: Ra\u00edces de una naci\u00f3n mar\u00adca\u00adda por la desigual\u00addad. 12 ensayos hist\u00f3ri\u00ad\u00adco-econ\u00f3mi\u00ad\u00adcos sig\u00adlos <span class=\"caps\">XVI<\/span> a <span class=\"caps\">XXI<\/span>. Bogot\u00e1 2021: Acad\u00ade\u00adm\u00eda Colom\u00adbiana de Cien\u00adcias Econ\u00f3mi\u00adcas Gonz\u00e1lez Gonz\u00e1lez, Fer\u00ad\u00e1n E.: Poder y Vio\u00adlen\u00adcia en Colom\u00adbia. Ode\u00ad\u00adco-Cinep, Bogot\u00e1, 2014 Gon\u00adza\u00adles, Jorge A.; Amozur\u00adru\u00adtia, Jos\u00e9 A.; Maass, Mar\u00adgari\u00adta: Cibercultur@ e ini\u00adciaci\u00f3n en la inves\u00adti\u00adgaci\u00f3n. M\u00e9x\u00adi\u00adco:&nbsp;2007 Grass\u00admuck, Volk\u00ader: Freie Soft\u00adware. Zwis\u00adchen Pri\u00advat und Gemeineigen\u00adtum. Bonn. Bun\u00addeszen\u00adtrale f\u00fcr poli\u00adtis\u00adche Bil\u00addung,&nbsp;2002, Gro\u00dfk\u00adlaus, G\u00f6tz: Medi\u00aden-Zeit, Medi\u00aden-Raum. Zum Wan\u00addel der raumzeitlichen Wahrnehmung in der Moderne.Frankfurt am Main 1995: Suhrkamp Grupo de Memo\u00adria Hist\u00f3ri\u00adca (<span class=\"caps\">GMH<\/span>): \u00a1Bas\u00adta ya! Colom\u00adbia: Memo\u00adrias de guer\u00adra y dig\u00adnidad. Imprenta Nacional, Bogot\u00e1, 2013 Guz\u00adman, Ger\u00adman; Fals Bor\u00adda, Orlan\u00addo; Uma\u00f1a Luna, Eduar\u00addo: La Vio\u00adlen\u00adcia en Colom\u00adbia. Estu\u00addio de un Pro\u00adce\u00adso Social. Edi\u00adciones ter\u00adcer Mun\u00addo, Bogot\u00e1, 1962 Halb\u00adwachs, Mau\u00adrice: La M\u00e9moire col\u00adlec\u00adtive. Press\u00ades Uni\u00adver\u00adsi\u00adtaires de France, Paris, 1925 Hall, Stu\u00adart: Ras\u00adsis\u00admus und kul\u00adturelle Iden\u00adtit\u00e4t. Aus\u00adgew\u00e4hlte Schriften 2. Ham\u00adburg. Argu\u00adment Ver\u00adlag,&nbsp;1994, Harich, Wolf\u00adgang: Kom\u00admu\u00adnis\u00admus ohne Wach\u00ads\u00adtum? Babeuf und der \u00bbClub of Rome\u00ab. Rein\u00adbek bei Ham\u00adburg 1975: Rowohlt Hon\u00adneth, Axel: Kri\u00adtik der Macht. Refelex\u00adion\u00adsstufen ein\u00ader kri\u00adtis\u00adchen Gesellschaft\u00ads\u00adthe\u00ado\u00adrie. Frank\u00adfurt am Main. Suhrkamp, 1985 Horkheimer, Max: Mon\u00adtaigne und die Funk\u00adtion der Skep\u00adsis (1938). Gesam\u00admelte Schriften, Band 4 (Schriften 1936 \u2014 1941). Frank\u00adfurt. Fis\u00adch\u00ader,&nbsp;1991 Ifrah, Georges: Uni\u00adver\u00adsalgeschichte der Zahlen. Frank\u00adfurt am Main. Cam\u00adpus,&nbsp;1993, Innis, Harold A.: The Bias of Com\u00admu\u00adni\u00adca\u00adtion. Toron\u00adto. Uni\u00adver\u00adsi\u00adty of Toron\u00adto Press Inc.,&nbsp;1951 Jahraus, Oliv\u00ader <span class=\"amp\">&amp;<\/span> Ort, Nina (Ed.): Beobach\u00adtun\u00adgen des Unbeobacht\u00adbaren. Konzepte radikaler The\u00ado\u00adriebil\u00addung in den Geis\u00adteswis\u00adsenschaften. Weil\u00ader\u00adswist. Vel\u00adbr\u00fcck, 2000 Jaramil\u00adlo Mar\u00edn, Jef\u00adfer\u00adson: Pasa\u00addos y Pre\u00adsentes de la Vio\u00adlen\u00adcia en Colom\u00adbia. Estu\u00addios sobre las Comi\u00adsiones de Inves\u00adti\u00adgaci\u00f3n (1958 \u2014 2011). Edi\u00adto\u00adr\u00adi\u00adal Pon\u00adti\u00adf\u00adi\u00adcia Uni\u00adver\u00adsi\u00addad Jave\u00adri\u00adana, Bogot\u00e1, 2014 Kast\u00adner, Jens: Dekolo\u00adnial\u00adis\u00adtis\u00adche The\u00ado\u00adrie aus Lateinameri\u00adka. Ein\u00adf\u00fchrung und Kri\u00adtik. M\u00fcn\u00adster 2022: Unrast Ver\u00adlag Klaus, Georg: Kyber\u00adnetik und Gesellschaft. Berlin: Deutsch\u00ader Ver\u00adlag der Wis\u00adsenschaften, 1965 Klaus, Georg: Die Macht des Wortes. Ein erken\u00adn\u00adt\u00adnis\u00adthe\u00ado\u00adretisch-prag\u00ad\u00adma\u00adtis\u00adch\u00ades Trak\u00adtat. 6. Aufl., Berlin: VEB-Deutsch\u00ader Ver\u00adlag der Wis\u00adsenschaften, 1972 Kosellek, Rein\u00adhart: Ver\u00adgan\u00adgene Zukun\u00adft. Zur Seman\u00adtik geschichtlich\u00ader Zeit\u00aden. Frank\u00adfurt am Main 1989: Suhrkamp Knorr-Ceti\u00ad\u00adna, Karin: Wis\u00adsenskul\u00adturen. Ein Ver\u00adgle\u00adich natur\u00adwis\u00adsenschaftlich\u00ader Wis\u00adsens\u00adfor\u00admen. Frank\u00adfurt am Main. Suhrkamp, 2002 Laclau, Ernesto <span class=\"amp\">&amp;<\/span> Mouffe, Chan\u00adtal: Hege\u00admo\u00adny and Social\u00adist Strat\u00ade\u00adgy. Towards a Rad\u00adi\u00adcal Demo\u00adc\u00adra\u00adt\u00adic Pol\u00adi\u00adtics. Lon\u00addon. Ver\u00adso,&nbsp;2001 Laclau, Ernesto: Emancipation(s). Lon\u00addon. Ver\u00adso,&nbsp;1996 Laufen\u00adberg, Mike <span class=\"amp\">&amp;<\/span> Trott, Ben (Hg.): Queer Stud\u00adies. Schl\u00fcs\u00adsel\u00adtexte. Berlin 2023: Suhrkamp Lessig, Lawrence: Freie Kul\u00adtur. Wesen und Zukun\u00adft der Kreativ\u00adit\u00e4t. M\u00fcnchen. Open Source Press, 2006 Luh\u00admann, Niklas: \u00d6kol\u00ado\u00adgis\u00adche Kom\u00admu\u00adnika\u00adtion, Kann die mod\u00aderne Gesellschaft sich auf \u00f6kol\u00ado\u00adgis\u00adche Gef\u00e4hrdun\u00adgen ein\u00adstellen ? 3. Aufl., West\u00addeutsch\u00ader Ver\u00adlag, Opladen, Wies\u00adbaden&nbsp;1988 Luh\u00admann, Niklas: Soziale Sys\u00adteme, Grun\u00addriss ein\u00ader all\u00adge\u00admeinen The\u00ado\u00adrie, Suhrkamp Ver\u00adlag, Frankfurt\/Main 1987 Luh\u00admann, Niklas: Die Wis\u00adsenschaft der Gesellschaft. Frank\u00adfurt am Main. Suhrkamp, 1990 Luh\u00admann, Niklas: Sozi\u00adolo\u00adgie des Risikos. Berlin 1991: De Gruyter Luh\u00admann, Niklas: Die Real\u00adit\u00e4t der Massen\u00adme\u00addi\u00aden. Opladen. West\u00addeutsch\u00ader Ver\u00adlag,&nbsp;1996 Luh\u00admann, Niklas: Protest. Sys\u00adtemthe\u00ado\u00adrie und soziale Bewe\u00adgun\u00adgen. Her\u00adaus\u00adgegeben von K.U. Hell\u00admann. Frank\u00adfurt am Main. Suhrkamp, 1996 Luh\u00admann, Niklas: Die Gesellschaft der Gesellschaft, 2 B\u00e4nde. Frank\u00adfurt am Main. Suhrkamp, 1997 Luh\u00admann, Niklas: Ein\u00adf\u00fchrung in die Sys\u00adtemthe\u00ado\u00adrie. Her\u00adaus\u00adgegeben von Dirk Baeck\u00ader. Hei\u00addel\u00adberg. Carl-Auer-Ver\u00adlag,&nbsp;2002 Mar\u00adcuel\u00adlo Ser\u00advos, Chaime (Ed.): Socio\u00adciber\u00adnet\u00adi\u00adca: Lin\u00adeamien\u00adtos de un par\u00ada\u00addig\u00adma. Madrid y Mex\u00adi\u00adco Ciu\u00addad. Insti\u00adtu\u00adcion Fer\u00adnan\u00addo El Catoli\u00adco, Zaragoza, en coop\u00adera\u00adcion con el Lab Com\u00adplexa de la Uni\u00adver\u00adsi\u00addad Nacional Autono\u00adma de Mex\u00adi\u00adco, Ciu\u00addad de Mex\u00adi\u00adco,&nbsp;2006 Masur, Ger\u00adhard: Simon Boli\u00advar und die Befreiung S\u00fcdamerikas. S\u00fcd\u00adver\u00adlag, Kon\u00adstanz, 1949 Migno\u00adlo, Wal\u00adter D.: Epis\u00adtemis\u00adch\u00ader Unge\u00adhor\u00adsam. Rhetorik der Mod\u00aderne, Logik der Kolo\u00adnial\u00adit\u00e4t und Gram\u00admatik der Dekolo\u00adnial\u00adit\u00e4t. Aus dem Spanis\u00adchen von Jens Kast\u00adner und Tom Waibel. Wien 2012: Turia +&nbsp;Kant Mitchell, San\u00addra: Kom\u00adplex\u00adit\u00e4ten. Warum wir erst anfan\u00adgen, die Welt zu ver\u00adste\u00adhen. Frank\u00adfurt am Main. Suhrkamp, 2008 M\u00f6ller, Erik: Die heim\u00adliche Medi\u00aden\u00adrev\u00ado\u00adlu\u00adtion. Wie Weblogs, Wikis und freie Soft\u00adware die Welt ver\u00e4n\u00addern. Han\u00adnover. Heise, 2005, Narv\u00e1ez Jaimes, Gin\u00adneth Esmer\u00adal\u00adda <span class=\"amp\">&amp;<\/span> Castiblan\u00adco Dur\u00e1n, Cami\u00adlo Andr\u00e9s: Soci\u00adolog\u00eda de la Paz en Colom\u00adbia. Bal\u00adance ter\u00adri\u00adto\u00adr\u00adi\u00adal del posacuer\u00addo. Bogot\u00e1 2021:&nbsp;<span class=\"caps\">USTA<\/span> Pati\u00f1o, Otty: His\u00adto\u00adria (pri\u00adva\u00adda) de la Vio\u00adlen\u00adcia. La cri\u00adsis colom\u00adbiana de medi\u00adadod del siglo <span class=\"caps\">XX<\/span> con\u00adta\u00adda por los descen\u00addi\u00adentes de sus pro\u00adtag\u00ado\u00adnistas. Bogot\u00e1 2017: Debate P\u00e9cault, Daniel: Orden y Vio\u00adlen\u00adcia. Evolu\u00adci\u00f3n socio-pol\u00edti\u00ad\u00adca de Colom\u00adbia entre 1930 y 1953. Edi\u00adto\u00adr\u00adi\u00adal Nor\u00adma, Bogot\u00e1, 1987 Pichot, Andr\u00e9: Die Geburt der Wis\u00adsenschaft. Von den Baby\u00adloniern zu den fr\u00fchen Griechen. Frank\u00adfurt am Main. Cam\u00adpus,&nbsp;1995 Pursche, Robert: Umk\u00e4mpftes Nach\u00adleben. Wal\u00adter Ben\u00adjamins Archive 1940 \u2014 1990.G\u00f6ttingen 2024, Wall\u00adstein Ver\u00adlag Rieger, Ste\u00adfan: Kyber\u00adnetis\u00adche Anthro\u00adpolo\u00adgie. Eine Geschichte der Vir\u00adtu\u00adal\u00adit\u00e4t. Frank\u00adfurt am Main. Suhrkamp, 2003 Robin\u00adson, Andrew: Die Geschichte der Schrift. D\u00fcs\u00adsel\u00addorf. Alba\u00adtros,&nbsp;2004 Roth\u00adberg, Michael: Mul\u00adti\u00addi\u00adrek\u00adtionale Erin\u00adnerung. Holo\u00adcaustge\u00addenken im Zeital\u00adter der Dekolonisierung. Berlin 2021: Metropol Ver\u00adlag S\u00e1nchez G\u00f3mez, Gon\u00adza\u00adlo: Colom\u00adbia: Vio\u00adlen\u00adcia y Democ\u00adra\u00adcia. Comi\u00adsion de Estudios\u2026<\/p>\n","protected":false},"author":1,"featured_media":0,"parent":0,"menu_order":0,"comment_status":"closed","ping_status":"closed","template":"","meta":{"wp_typography_post_enhancements_disabled":false,"_metis_text_type":"standard","_metis_text_length":1251,"_post_count":0,"footnotes":""},"class_list":["post-14","page","type-page","status-publish","hentry"],"_links":{"self":[{"href":"https:\/\/www.wissenskulturen.de\/wp_wissenskulturen\/index.php\/wp-json\/wp\/v2\/pages\/14","targetHints":{"allow":["GET"]}}],"collection":[{"href":"https:\/\/www.wissenskulturen.de\/wp_wissenskulturen\/index.php\/wp-json\/wp\/v2\/pages"}],"about":[{"href":"https:\/\/www.wissenskulturen.de\/wp_wissenskulturen\/index.php\/wp-json\/wp\/v2\/types\/page"}],"author":[{"embeddable":true,"href":"https:\/\/www.wissenskulturen.de\/wp_wissenskulturen\/index.php\/wp-json\/wp\/v2\/users\/1"}],"replies":[{"embeddable":true,"href":"https:\/\/www.wissenskulturen.de\/wp_wissenskulturen\/index.php\/wp-json\/wp\/v2\/comments?post=14"}],"version-history":[{"count":70,"href":"https:\/\/www.wissenskulturen.de\/wp_wissenskulturen\/index.php\/wp-json\/wp\/v2\/pages\/14\/revisions"}],"predecessor-version":[{"id":2400,"href":"https:\/\/www.wissenskulturen.de\/wp_wissenskulturen\/index.php\/wp-json\/wp\/v2\/pages\/14\/revisions\/2400"}],"wp:attachment":[{"href":"https:\/\/www.wissenskulturen.de\/wp_wissenskulturen\/index.php\/wp-json\/wp\/v2\/media?parent=14"}],"curies":[{"name":"wp","href":"https:\/\/api.w.org\/{rel}","templated":true}]}}